{"id":1175,"date":"2013-12-15T21:21:09","date_gmt":"2013-12-15T19:21:09","guid":{"rendered":"http:\/\/www.robertosculpture.at\/?post_type=portfolio&#038;p=1175"},"modified":"2014-07-01T16:18:33","modified_gmt":"2014-07-01T14:18:33","slug":"don-bosco","status":"publish","type":"portfolio","link":"https:\/\/www.robertosculpture.at\/fr\/portfolio\/don-bosco\/","title":{"rendered":"Don Bosco"},"content":{"rendered":"<p><strong>Ann\u00e9e:<\/strong>\u00a0 1993<br \/>\n<strong>Mat\u00e9riau: <\/strong>Bronze<br \/>\n<strong>Taille:<\/strong> 14 cm<\/p>\n<p><em><em>P<span lang=\"fr\">ropri\u00e9t\u00e9 priv\u00e9e<\/span><\/em> &#8211; Mutters, Tyrol (<em>Autriche) |<\/em><a href=\"http:\/\/www.grassmayr.at\" target=\"_blank\"> Fonderie Gra\u00dfmayr<\/a> Innsbruck (Autriche)<\/em><\/p>\n<p><a href=\"http:\/\/www.robertosculpture.at\/wp-content\/uploads\/2014\/06\/P31803311.jpg\"><img loading=\"lazy\" decoding=\"async\" data-attachment-id=\"1205\" data-permalink=\"https:\/\/www.robertosculpture.at\/fr\/portfolio\/don-bosco\/p3180331-2\/\" data-orig-file=\"https:\/\/www.robertosculpture.at\/wp-content\/uploads\/2014\/06\/P31803311.jpg\" data-orig-size=\"3005,2491\" data-comments-opened=\"0\" data-image-meta=\"{&quot;aperture&quot;:&quot;0&quot;,&quot;credit&quot;:&quot;&quot;,&quot;camera&quot;:&quot;&quot;,&quot;caption&quot;:&quot;&quot;,&quot;created_timestamp&quot;:&quot;0&quot;,&quot;copyright&quot;:&quot;&quot;,&quot;focal_length&quot;:&quot;0&quot;,&quot;iso&quot;:&quot;0&quot;,&quot;shutter_speed&quot;:&quot;0&quot;,&quot;title&quot;:&quot;&quot;}\" data-image-title=\"\" data-image-description=\"\" data-image-caption=\"\" data-medium-file=\"https:\/\/www.robertosculpture.at\/wp-content\/uploads\/2014\/06\/P31803311-300x248.jpg\" data-large-file=\"https:\/\/www.robertosculpture.at\/wp-content\/uploads\/2014\/06\/P31803311-1024x848.jpg\" class=\"alignleft wp-image-1205 size-medium\" src=\"http:\/\/www.robertosculpture.at\/wp-content\/uploads\/2014\/06\/P31803311-300x248.jpg\" alt=\"\" width=\"300\" height=\"248\" srcset=\"https:\/\/www.robertosculpture.at\/wp-content\/uploads\/2014\/06\/P31803311-300x248.jpg 300w, https:\/\/www.robertosculpture.at\/wp-content\/uploads\/2014\/06\/P31803311-150x124.jpg 150w, https:\/\/www.robertosculpture.at\/wp-content\/uploads\/2014\/06\/P31803311-1024x848.jpg 1024w, https:\/\/www.robertosculpture.at\/wp-content\/uploads\/2014\/06\/P31803311-690x571.jpg 690w, https:\/\/www.robertosculpture.at\/wp-content\/uploads\/2014\/06\/P31803311-980x812.jpg 980w\" sizes=\"auto, (max-width: 300px) 100vw, 300px\" \/><\/a><\/p>","protected":false},"excerpt":{"rendered":"<p>Ann\u00e9e:\u00a0 1993 Mat\u00e9riau: Bronze Taille: 14 cm Propri\u00e9t\u00e9 priv\u00e9e &#8211; Mutters, Tyrol (Autriche) | Fonderie Gra\u00dfmayr Innsbruck (Autriche)<\/p>\n","protected":false},"author":2,"featured_media":1205,"template":"","meta":{"advanced_seo_description":"","jetpack_seo_html_title":"","jetpack_seo_noindex":false,"jetpack_post_was_ever_published":false,"footnotes":""},"portfolio_category":[5,12,11,19,14],"portfolio_tag":[],"class_list":["post-1175","portfolio","type-portfolio","status-publish","has-post-thumbnail","hentry","portfolio_category-bronze","portfolio_category-heilige","portfolio_category-kleinplastik","portfolio_category-portraet","portfolio_category-relief"],"jetpack_sharing_enabled":true,"_links":{"self":[{"href":"https:\/\/www.robertosculpture.at\/fr\/wp-json\/wp\/v2\/portfolio\/1175","targetHints":{"allow":["GET"]}}],"collection":[{"href":"https:\/\/www.robertosculpture.at\/fr\/wp-json\/wp\/v2\/portfolio"}],"about":[{"href":"https:\/\/www.robertosculpture.at\/fr\/wp-json\/wp\/v2\/types\/portfolio"}],"author":[{"embeddable":true,"href":"https:\/\/www.robertosculpture.at\/fr\/wp-json\/wp\/v2\/users\/2"}],"version-history":[{"count":12,"href":"https:\/\/www.robertosculpture.at\/fr\/wp-json\/wp\/v2\/portfolio\/1175\/revisions"}],"predecessor-version":[{"id":1343,"href":"https:\/\/www.robertosculpture.at\/fr\/wp-json\/wp\/v2\/portfolio\/1175\/revisions\/1343"}],"wp:featuredmedia":[{"embeddable":true,"href":"https:\/\/www.robertosculpture.at\/fr\/wp-json\/wp\/v2\/media\/1205"}],"wp:attachment":[{"href":"https:\/\/www.robertosculpture.at\/fr\/wp-json\/wp\/v2\/media?parent=1175"}],"wp:term":[{"taxonomy":"portfolio_category","embeddable":true,"href":"https:\/\/www.robertosculpture.at\/fr\/wp-json\/wp\/v2\/portfolio_category?post=1175"},{"taxonomy":"portfolio_tag","embeddable":true,"href":"https:\/\/www.robertosculpture.at\/fr\/wp-json\/wp\/v2\/portfolio_tag?post=1175"}],"curies":[{"name":"wp","href":"https:\/\/api.w.org\/{rel}","templated":true}]}}