{"id":1173,"date":"2013-12-22T21:18:37","date_gmt":"2013-12-22T19:18:37","guid":{"rendered":"http:\/\/www.robertosculpture.at\/?post_type=portfolio&#038;p=1173"},"modified":"2014-07-01T16:17:47","modified_gmt":"2014-07-01T14:17:47","slug":"opa","status":"publish","type":"portfolio","link":"https:\/\/www.robertosculpture.at\/fr\/portfolio\/opa\/","title":{"rendered":"Mon grandp\u00e8re"},"content":{"rendered":"<p><strong>Ann\u00e9e:<\/strong>\u00a0 1990<br \/>\n<strong>Mat\u00e9riau: <\/strong>Bronze<br \/>\n<strong>Taille:<\/strong> 20 cm<\/p>\n<p><em><em>P<span lang=\"fr\">ropri\u00e9t\u00e9 priv\u00e9e<\/span><\/em> &#8211; Mutters, Tyrol (<em>Autriche)<\/em> |\u00a0<a href=\"http:\/\/www.grassmayr.at\" target=\"_blank\"> Fonderie Gra\u00dfmayr<\/a> Innsbruck (Autriche)<\/em><\/p>\n<p><a href=\"http:\/\/www.robertosculpture.at\/wp-content\/uploads\/2014\/06\/P31803221.jpg\"><img loading=\"lazy\" decoding=\"async\" data-attachment-id=\"1203\" data-permalink=\"https:\/\/www.robertosculpture.at\/fr\/portfolio\/opa\/p3180322-2\/\" data-orig-file=\"https:\/\/www.robertosculpture.at\/wp-content\/uploads\/2014\/06\/P31803221.jpg\" data-orig-size=\"2509,3136\" data-comments-opened=\"0\" data-image-meta=\"{&quot;aperture&quot;:&quot;0&quot;,&quot;credit&quot;:&quot;&quot;,&quot;camera&quot;:&quot;&quot;,&quot;caption&quot;:&quot;&quot;,&quot;created_timestamp&quot;:&quot;0&quot;,&quot;copyright&quot;:&quot;&quot;,&quot;focal_length&quot;:&quot;0&quot;,&quot;iso&quot;:&quot;0&quot;,&quot;shutter_speed&quot;:&quot;0&quot;,&quot;title&quot;:&quot;&quot;}\" data-image-title=\"\" data-image-description=\"\" data-image-caption=\"\" data-medium-file=\"https:\/\/www.robertosculpture.at\/wp-content\/uploads\/2014\/06\/P31803221-240x300.jpg\" data-large-file=\"https:\/\/www.robertosculpture.at\/wp-content\/uploads\/2014\/06\/P31803221-819x1024.jpg\" class=\"alignleft wp-image-1203 size-medium\" src=\"http:\/\/www.robertosculpture.at\/wp-content\/uploads\/2014\/06\/P31803221-240x300.jpg\" alt=\"\" width=\"240\" height=\"300\" srcset=\"https:\/\/www.robertosculpture.at\/wp-content\/uploads\/2014\/06\/P31803221-240x300.jpg 240w, https:\/\/www.robertosculpture.at\/wp-content\/uploads\/2014\/06\/P31803221-120x150.jpg 120w, https:\/\/www.robertosculpture.at\/wp-content\/uploads\/2014\/06\/P31803221-819x1024.jpg 819w, https:\/\/www.robertosculpture.at\/wp-content\/uploads\/2014\/06\/P31803221-690x862.jpg 690w, https:\/\/www.robertosculpture.at\/wp-content\/uploads\/2014\/06\/P31803221-980x1224.jpg 980w\" sizes=\"auto, (max-width: 240px) 100vw, 240px\" \/><\/a><\/p>","protected":false},"excerpt":{"rendered":"<p>Ann\u00e9e:\u00a0 1990 Mat\u00e9riau: Bronze Taille: 20 cm Propri\u00e9t\u00e9 priv\u00e9e &#8211; Mutters, Tyrol (Autriche) |\u00a0 Fonderie Gra\u00dfmayr Innsbruck (Autriche)<\/p>\n","protected":false},"author":2,"featured_media":1204,"template":"","meta":{"advanced_seo_description":"","jetpack_seo_html_title":"","jetpack_seo_noindex":false,"jetpack_post_was_ever_published":false,"footnotes":""},"portfolio_category":[5,11,19,14],"portfolio_tag":[],"class_list":["post-1173","portfolio","type-portfolio","status-publish","has-post-thumbnail","hentry","portfolio_category-bronze","portfolio_category-kleinplastik","portfolio_category-portraet","portfolio_category-relief"],"jetpack_sharing_enabled":true,"_links":{"self":[{"href":"https:\/\/www.robertosculpture.at\/fr\/wp-json\/wp\/v2\/portfolio\/1173","targetHints":{"allow":["GET"]}}],"collection":[{"href":"https:\/\/www.robertosculpture.at\/fr\/wp-json\/wp\/v2\/portfolio"}],"about":[{"href":"https:\/\/www.robertosculpture.at\/fr\/wp-json\/wp\/v2\/types\/portfolio"}],"author":[{"embeddable":true,"href":"https:\/\/www.robertosculpture.at\/fr\/wp-json\/wp\/v2\/users\/2"}],"version-history":[{"count":14,"href":"https:\/\/www.robertosculpture.at\/fr\/wp-json\/wp\/v2\/portfolio\/1173\/revisions"}],"predecessor-version":[{"id":1342,"href":"https:\/\/www.robertosculpture.at\/fr\/wp-json\/wp\/v2\/portfolio\/1173\/revisions\/1342"}],"wp:featuredmedia":[{"embeddable":true,"href":"https:\/\/www.robertosculpture.at\/fr\/wp-json\/wp\/v2\/media\/1204"}],"wp:attachment":[{"href":"https:\/\/www.robertosculpture.at\/fr\/wp-json\/wp\/v2\/media?parent=1173"}],"wp:term":[{"taxonomy":"portfolio_category","embeddable":true,"href":"https:\/\/www.robertosculpture.at\/fr\/wp-json\/wp\/v2\/portfolio_category?post=1173"},{"taxonomy":"portfolio_tag","embeddable":true,"href":"https:\/\/www.robertosculpture.at\/fr\/wp-json\/wp\/v2\/portfolio_tag?post=1173"}],"curies":[{"name":"wp","href":"https:\/\/api.w.org\/{rel}","templated":true}]}}